{"id":47877,"date":"2025-09-08T10:20:27","date_gmt":"2025-09-08T08:20:27","guid":{"rendered":"http:\/\/muchogusto.nl\/?post_type=product&#038;p=47877"},"modified":"2026-09-03T11:31:44","modified_gmt":"2026-09-03T09:31:44","slug":"mucho-gusto-jeansweste-grau-leopard","status":"publish","type":"product","link":"https:\/\/muchogusto.nl\/de\/produkt\/mucho-gusto-jeansweste-grau-leopard\/","title":{"rendered":"MUCHO GUSTO\u00ae Jeansweste Grau Leopard"},"content":{"rendered":"<h3>PRODUCTDETAILS<\/h3>\n<p><strong>MUCHO GUSTO\u00ae Jeansweste Grau Leopard<\/strong><\/p>\n<p>Veredeln Sie Ihre Garderobe mit der <strong>MUCHO GUSTO\u00ae Jeansweste Grau Leopard<\/strong> \u2013 einem auff\u00e4lligen und stilvollen Kleidungsst\u00fcck, das zeitlosen Denim mit luxuri\u00f6ser Teddy-Weichheit kombiniert. Diese Weste verf\u00fcgt \u00fcber eine dunkle Denim-Au\u00dfenseite, die einen Kontrast zu dem weichen Kunstfell mit Leopardenmuster an Kragen, Besatz und Innenseite bildet und so die perfekte Balance zwischen ausgefallen und schick schafft.<\/p>\n<p>Diese Weste wurde entwickelt, um Ihnen sowohl Komfort als auch Mode zu bieten, und eignet sich ideal f\u00fcr vielseitige Looks. Tragen Sie sie \u00fcber einer eleganten Bluse f\u00fcr einen raffinierten Touch oder kombinieren Sie sie mit Freizeitkleidung f\u00fcr einen l\u00e4ssigen Look. Die strukturierte Mischung aus Denim und weichem Kunstfell macht sie zu einem herausragenden Kleidungsst\u00fcck, das sich nahtlos durch alle Jahreszeiten tragen l\u00e4sst.<\/p>\n<p><strong>Niederl\u00e4ndisches Design<\/strong><br \/>\n<strong>Material:<\/strong> 100 % Baumwolle \/ 100 % Polyester<br \/>\n<strong>L\u00e4nge hinten:<\/strong> 61 cm<br \/>\n<strong>Verf\u00fcgbare Gr\u00f6\u00dfen:<\/strong> XS, S, M, L, XL, XXL, 3XL<br \/>\n<strong>Farbe:<\/strong> Dunkles Denim mit Leopardenbesatz<\/p>\n<div class=\"summary\">\n<div class=\"tccContent\">\n<div class=\"summary\">\n<h3>PASSENDE ARTIKEL<\/h3>\n<p class=\"p2\"><span class=\"s1\">Vervollst\u00e4ndigen Sie Ihren Look mit einem passenden\u00a0<a href=\"https:\/\/muchogusto.nl\/de\/schals\/\"><span class=\"s2\">Schal<\/span><\/a>.<br \/>\n<\/span><span class=\"s1\">M\u00f6chten Sie mehr Blusen sehen? Dann schauen Sie sich unsere\u00a0<a href=\"https:\/\/muchogusto.nl\/de\/blusen\/\"><span class=\"s2\">Bekleidungsseite<\/span><\/a>\u00a0an.<br \/>\n<\/span><span class=\"s1\">M\u00f6chten Sie mehr Inspiration? Besuchen Sie unsere\u00a0<a href=\"https:\/\/www.instagram.com\/muchogusto.nl\/\"><span class=\"s2\">Instagram<\/span><\/a>-Seite.\u00a0<\/span><\/p>\n<h3>BRAUCHEN SIE HILFE?<\/h3>\n<p>Wenn Sie Fragen zu diesem Artikel oder der Gr\u00f6\u00dfe haben, senden Sie eine E-Mail an unseren Kundenservice unter<a href=\"http:\/\/muchogusto.nl\/de\/\"><span class=\"s2\">web@muchogusto.nl.<\/span><\/a><\/p>\n<h3>GR\u00d6SSENTABELLEN<\/h3>\n<p>Unsere Gr\u00f6\u00dfen sind in europ\u00e4ischen Gr\u00f6\u00dfen angegeben. Sie k\u00f6nnen diese Gr\u00f6\u00dfen anhand der Tabellen\u00a0<a href=\"https:\/\/muchogusto.nl\/de\/grossentabellen\/\">auf dieser Seite<\/a> leicht umrechnen. Die Passform kann je nach Stil oder pers\u00f6nlicher Vorliebe variieren.<\/p>\n<\/div>\n<\/div>\n<\/div>\n<section class=\"related products\"><\/section>\n","protected":false},"excerpt":{"rendered":"<p>PRODUCTDETAILS MUCHO GUSTO\u00ae Jeansweste Grau Leopard Veredeln Sie Ihre Garderobe mit der MUCHO GUSTO\u00ae Jeansweste Grau Leopard \u2013 einem auff\u00e4lligen und stilvollen Kleidungsst\u00fcck, das zeitlosen Denim mit luxuri\u00f6ser Teddy-Weichheit kombiniert. Diese Weste verf\u00fcgt \u00fcber eine dunkle Denim-Au\u00dfenseite, die einen Kontrast zu dem weichen Kunstfell mit Leopardenmuster an Kragen, Besatz und Innenseite bildet und so die [&hellip;]<\/p>\n","protected":false},"featured_media":47917,"comment_status":"open","ping_status":"closed","template":"","meta":{"_acf_changed":false,"inline_featured_image":false,"navigation_state":false,"_genesis_hide_title":false,"_genesis_hide_breadcrumbs":false,"_genesis_hide_singular_image":false,"_genesis_hide_footer_widgets":false,"_genesis_custom_body_class":"","_genesis_custom_post_class":"","_genesis_layout":""},"product_brand":[],"product_cat":[69,3326],"product_tag":[],"class_list":["post-47877","product","type-product","status-publish","has-post-thumbnail","product_cat-kleidung","product_cat-westen","entry","first","instock","sale","taxable","shipping-taxable","purchasable","product-type-variable"],"acf":[],"yoast_head":"<!-- This site is optimized with the Yoast SEO Premium plugin v28.0 (Yoast SEO v28.0) - https:\/\/yoast.com\/product\/yoast-seo-premium-wordpress\/ -->\n<title>MUCHO GUSTO\u00ae Jeansweste Grau Leopard<\/title>\n<meta name=\"description\" content=\"MUCHO GUSTO\u00ae Jeansweste Grau Leopard \u2013 Dunkler Denim trifft auf Leoparden-Teddybesatz. Ein schickes, vielseitiges Kleidungsst\u00fcck zum Kombinieren mit eleganter niederl\u00e4ndischer Designoptik.\" \/>\n<meta name=\"robots\" content=\"index, follow, max-snippet:-1, max-image-preview:large, max-video-preview:-1\" \/>\n<link rel=\"canonical\" href=\"https:\/\/muchogusto.nl\/de\/produkt\/mucho-gusto-jeansweste-grau-leopard\/\" \/>\n<meta property=\"og:locale\" content=\"de_DE\" \/>\n<meta property=\"og:type\" content=\"article\" \/>\n<meta property=\"og:title\" content=\"MUCHO GUSTO\u00ae Jeansweste Grau Leopard\" \/>\n<meta property=\"og:description\" content=\"MUCHO GUSTO\u00ae Jeansweste Grau Leopard \u2013 Dunkler Denim trifft auf Leoparden-Teddybesatz. Ein schickes, vielseitiges Kleidungsst\u00fcck zum Kombinieren mit eleganter niederl\u00e4ndischer Designoptik.\" \/>\n<meta property=\"og:url\" content=\"https:\/\/muchogusto.nl\/de\/produkt\/mucho-gusto-jeansweste-grau-leopard\/\" \/>\n<meta property=\"og:site_name\" content=\"Mucho Gusto\" \/>\n<meta property=\"article:publisher\" content=\"https:\/\/www.facebook.com\/muchogusto.nl\/\" \/>\n<meta property=\"article:modified_time\" content=\"2026-09-03T09:31:44+00:00\" \/>\n<meta property=\"og:image\" content=\"https:\/\/muchogusto.nl\/wp-content\/uploads\/2025\/09\/newC52GIJ991-1-scaled.jpg\" \/>\n\t<meta property=\"og:image:width\" content=\"1920\" \/>\n\t<meta property=\"og:image:height\" content=\"2560\" \/>\n\t<meta property=\"og:image:type\" content=\"image\/jpeg\" \/>\n<meta name=\"twitter:card\" content=\"summary_large_image\" \/>\n<meta name=\"twitter:label1\" content=\"Est. reading time\" \/>\n\t<meta name=\"twitter:data1\" content=\"2 minutes\" \/>\n<script type=\"application\/ld+json\" class=\"yoast-schema-graph\">{\"@context\":\"https:\\\/\\\/schema.org\",\"@graph\":[{\"@type\":\"WebPage\",\"@id\":\"https:\\\/\\\/muchogusto.nl\\\/de\\\/produkt\\\/mucho-gusto-jeansweste-grau-leopard\\\/\",\"url\":\"https:\\\/\\\/muchogusto.nl\\\/de\\\/produkt\\\/mucho-gusto-jeansweste-grau-leopard\\\/\",\"name\":\"MUCHO GUSTO\u00ae Jeansweste Grau Leopard\",\"isPartOf\":{\"@id\":\"https:\\\/\\\/muchogusto.nl\\\/#website\"},\"primaryImageOfPage\":{\"@id\":\"https:\\\/\\\/muchogusto.nl\\\/de\\\/produkt\\\/mucho-gusto-jeansweste-grau-leopard\\\/#primaryimage\"},\"image\":{\"@id\":\"https:\\\/\\\/muchogusto.nl\\\/de\\\/produkt\\\/mucho-gusto-jeansweste-grau-leopard\\\/#primaryimage\"},\"thumbnailUrl\":\"https:\\\/\\\/muchogusto.nl\\\/wp-content\\\/uploads\\\/2025\\\/09\\\/newC52GIJ991-1-scaled.jpg\",\"datePublished\":\"2025-09-08T08:20:27+00:00\",\"dateModified\":\"2026-09-03T09:31:44+00:00\",\"description\":\"MUCHO GUSTO\u00ae Jeansweste Grau Leopard \u2013 Dunkler Denim trifft auf Leoparden-Teddybesatz. Ein schickes, vielseitiges Kleidungsst\u00fcck zum Kombinieren mit eleganter niederl\u00e4ndischer Designoptik.\",\"breadcrumb\":{\"@id\":\"https:\\\/\\\/muchogusto.nl\\\/de\\\/produkt\\\/mucho-gusto-jeansweste-grau-leopard\\\/#breadcrumb\"},\"inLanguage\":\"de-DE\",\"potentialAction\":[{\"@type\":\"ReadAction\",\"target\":[\"https:\\\/\\\/muchogusto.nl\\\/de\\\/produkt\\\/mucho-gusto-jeansweste-grau-leopard\\\/\"]}]},{\"@type\":\"ImageObject\",\"inLanguage\":\"de-DE\",\"@id\":\"https:\\\/\\\/muchogusto.nl\\\/de\\\/produkt\\\/mucho-gusto-jeansweste-grau-leopard\\\/#primaryimage\",\"url\":\"https:\\\/\\\/muchogusto.nl\\\/wp-content\\\/uploads\\\/2025\\\/09\\\/newC52GIJ991-1-scaled.jpg\",\"contentUrl\":\"https:\\\/\\\/muchogusto.nl\\\/wp-content\\\/uploads\\\/2025\\\/09\\\/newC52GIJ991-1-scaled.jpg\",\"width\":1920,\"height\":2560,\"caption\":\"MUCHO GUSTO\u00ae Jeansweste Grau Leopard\"},{\"@type\":\"BreadcrumbList\",\"@id\":\"https:\\\/\\\/muchogusto.nl\\\/de\\\/produkt\\\/mucho-gusto-jeansweste-grau-leopard\\\/#breadcrumb\",\"itemListElement\":[{\"@type\":\"ListItem\",\"position\":1,\"name\":\"Home\",\"item\":\"https:\\\/\\\/muchogusto.nl\\\/de\\\/\"},{\"@type\":\"ListItem\",\"position\":2,\"name\":\"Shop\",\"item\":\"https:\\\/\\\/muchogusto.nl\\\/de\\\/shop-2\\\/\"},{\"@type\":\"ListItem\",\"position\":3,\"name\":\"MUCHO GUSTO\u00ae Jeansweste Grau Leopard\"}]},{\"@type\":\"WebSite\",\"@id\":\"https:\\\/\\\/muchogusto.nl\\\/#website\",\"url\":\"https:\\\/\\\/muchogusto.nl\\\/\",\"name\":\"muchogusto.nl\",\"description\":\"\",\"publisher\":{\"@id\":\"https:\\\/\\\/muchogusto.nl\\\/#organization\"},\"potentialAction\":[{\"@type\":\"SearchAction\",\"target\":{\"@type\":\"EntryPoint\",\"urlTemplate\":\"https:\\\/\\\/muchogusto.nl\\\/?s={search_term_string}\"},\"query-input\":{\"@type\":\"PropertyValueSpecification\",\"valueRequired\":true,\"valueName\":\"search_term_string\"}}],\"inLanguage\":\"de-DE\"},{\"@type\":\"Organization\",\"@id\":\"https:\\\/\\\/muchogusto.nl\\\/#organization\",\"name\":\"Mucho Gusto\",\"url\":\"https:\\\/\\\/muchogusto.nl\\\/\",\"logo\":{\"@type\":\"ImageObject\",\"inLanguage\":\"de-DE\",\"@id\":\"https:\\\/\\\/muchogusto.nl\\\/#\\\/schema\\\/logo\\\/image\\\/\",\"url\":\"https:\\\/\\\/muchogusto.nl\\\/wp-content\\\/uploads\\\/2022\\\/08\\\/logo_header.svg\",\"contentUrl\":\"https:\\\/\\\/muchogusto.nl\\\/wp-content\\\/uploads\\\/2022\\\/08\\\/logo_header.svg\",\"caption\":\"Mucho Gusto\"},\"image\":{\"@id\":\"https:\\\/\\\/muchogusto.nl\\\/#\\\/schema\\\/logo\\\/image\\\/\"},\"sameAs\":[\"https:\\\/\\\/www.facebook.com\\\/muchogusto.nl\\\/\",\"https:\\\/\\\/www.instagram.com\\\/muchogusto.nl\\\/\"]}]}<\/script>\n<!-- \/ Yoast SEO Premium plugin. -->","yoast_head_json":{"title":"MUCHO GUSTO\u00ae Jeansweste Grau Leopard","description":"MUCHO GUSTO\u00ae Jeansweste Grau Leopard \u2013 Dunkler Denim trifft auf Leoparden-Teddybesatz. Ein schickes, vielseitiges Kleidungsst\u00fcck zum Kombinieren mit eleganter niederl\u00e4ndischer Designoptik.","robots":{"index":"index","follow":"follow","max-snippet":"max-snippet:-1","max-image-preview":"max-image-preview:large","max-video-preview":"max-video-preview:-1"},"canonical":"https:\/\/muchogusto.nl\/de\/produkt\/mucho-gusto-jeansweste-grau-leopard\/","og_locale":"de_DE","og_type":"article","og_title":"MUCHO GUSTO\u00ae Jeansweste Grau Leopard","og_description":"MUCHO GUSTO\u00ae Jeansweste Grau Leopard \u2013 Dunkler Denim trifft auf Leoparden-Teddybesatz. Ein schickes, vielseitiges Kleidungsst\u00fcck zum Kombinieren mit eleganter niederl\u00e4ndischer Designoptik.","og_url":"https:\/\/muchogusto.nl\/de\/produkt\/mucho-gusto-jeansweste-grau-leopard\/","og_site_name":"Mucho Gusto","article_publisher":"https:\/\/www.facebook.com\/muchogusto.nl\/","article_modified_time":"2026-09-03T09:31:44+00:00","og_image":[{"width":1920,"height":2560,"url":"https:\/\/muchogusto.nl\/wp-content\/uploads\/2025\/09\/newC52GIJ991-1-scaled.jpg","type":"image\/jpeg"}],"twitter_card":"summary_large_image","twitter_misc":{"Est. reading time":"2 minutes"},"schema":{"@context":"https:\/\/schema.org","@graph":[{"@type":"WebPage","@id":"https:\/\/muchogusto.nl\/de\/produkt\/mucho-gusto-jeansweste-grau-leopard\/","url":"https:\/\/muchogusto.nl\/de\/produkt\/mucho-gusto-jeansweste-grau-leopard\/","name":"MUCHO GUSTO\u00ae Jeansweste Grau Leopard","isPartOf":{"@id":"https:\/\/muchogusto.nl\/#website"},"primaryImageOfPage":{"@id":"https:\/\/muchogusto.nl\/de\/produkt\/mucho-gusto-jeansweste-grau-leopard\/#primaryimage"},"image":{"@id":"https:\/\/muchogusto.nl\/de\/produkt\/mucho-gusto-jeansweste-grau-leopard\/#primaryimage"},"thumbnailUrl":"https:\/\/muchogusto.nl\/wp-content\/uploads\/2025\/09\/newC52GIJ991-1-scaled.jpg","datePublished":"2025-09-08T08:20:27+00:00","dateModified":"2026-09-03T09:31:44+00:00","description":"MUCHO GUSTO\u00ae Jeansweste Grau Leopard \u2013 Dunkler Denim trifft auf Leoparden-Teddybesatz. Ein schickes, vielseitiges Kleidungsst\u00fcck zum Kombinieren mit eleganter niederl\u00e4ndischer Designoptik.","breadcrumb":{"@id":"https:\/\/muchogusto.nl\/de\/produkt\/mucho-gusto-jeansweste-grau-leopard\/#breadcrumb"},"inLanguage":"de-DE","potentialAction":[{"@type":"ReadAction","target":["https:\/\/muchogusto.nl\/de\/produkt\/mucho-gusto-jeansweste-grau-leopard\/"]}]},{"@type":"ImageObject","inLanguage":"de-DE","@id":"https:\/\/muchogusto.nl\/de\/produkt\/mucho-gusto-jeansweste-grau-leopard\/#primaryimage","url":"https:\/\/muchogusto.nl\/wp-content\/uploads\/2025\/09\/newC52GIJ991-1-scaled.jpg","contentUrl":"https:\/\/muchogusto.nl\/wp-content\/uploads\/2025\/09\/newC52GIJ991-1-scaled.jpg","width":1920,"height":2560,"caption":"MUCHO GUSTO\u00ae Jeansweste Grau Leopard"},{"@type":"BreadcrumbList","@id":"https:\/\/muchogusto.nl\/de\/produkt\/mucho-gusto-jeansweste-grau-leopard\/#breadcrumb","itemListElement":[{"@type":"ListItem","position":1,"name":"Home","item":"https:\/\/muchogusto.nl\/de\/"},{"@type":"ListItem","position":2,"name":"Shop","item":"https:\/\/muchogusto.nl\/de\/shop-2\/"},{"@type":"ListItem","position":3,"name":"MUCHO GUSTO\u00ae Jeansweste Grau Leopard"}]},{"@type":"WebSite","@id":"https:\/\/muchogusto.nl\/#website","url":"https:\/\/muchogusto.nl\/","name":"muchogusto.nl","description":"","publisher":{"@id":"https:\/\/muchogusto.nl\/#organization"},"potentialAction":[{"@type":"SearchAction","target":{"@type":"EntryPoint","urlTemplate":"https:\/\/muchogusto.nl\/?s={search_term_string}"},"query-input":{"@type":"PropertyValueSpecification","valueRequired":true,"valueName":"search_term_string"}}],"inLanguage":"de-DE"},{"@type":"Organization","@id":"https:\/\/muchogusto.nl\/#organization","name":"Mucho Gusto","url":"https:\/\/muchogusto.nl\/","logo":{"@type":"ImageObject","inLanguage":"de-DE","@id":"https:\/\/muchogusto.nl\/#\/schema\/logo\/image\/","url":"https:\/\/muchogusto.nl\/wp-content\/uploads\/2022\/08\/logo_header.svg","contentUrl":"https:\/\/muchogusto.nl\/wp-content\/uploads\/2022\/08\/logo_header.svg","caption":"Mucho Gusto"},"image":{"@id":"https:\/\/muchogusto.nl\/#\/schema\/logo\/image\/"},"sameAs":["https:\/\/www.facebook.com\/muchogusto.nl\/","https:\/\/www.instagram.com\/muchogusto.nl\/"]}]}},"_links":{"self":[{"href":"https:\/\/muchogusto.nl\/de\/wp-json\/wp\/v2\/product\/47877","targetHints":{"allow":["GET"]}}],"collection":[{"href":"https:\/\/muchogusto.nl\/de\/wp-json\/wp\/v2\/product"}],"about":[{"href":"https:\/\/muchogusto.nl\/de\/wp-json\/wp\/v2\/types\/product"}],"replies":[{"embeddable":true,"href":"https:\/\/muchogusto.nl\/de\/wp-json\/wp\/v2\/comments?post=47877"}],"wp:featuredmedia":[{"embeddable":true,"href":"https:\/\/muchogusto.nl\/de\/wp-json\/wp\/v2\/media\/47917"}],"wp:attachment":[{"href":"https:\/\/muchogusto.nl\/de\/wp-json\/wp\/v2\/media?parent=47877"}],"wp:term":[{"taxonomy":"product_brand","embeddable":true,"href":"https:\/\/muchogusto.nl\/de\/wp-json\/wp\/v2\/product_brand?post=47877"},{"taxonomy":"product_cat","embeddable":true,"href":"https:\/\/muchogusto.nl\/de\/wp-json\/wp\/v2\/product_cat?post=47877"},{"taxonomy":"product_tag","embeddable":true,"href":"https:\/\/muchogusto.nl\/de\/wp-json\/wp\/v2\/product_tag?post=47877"}],"curies":[{"name":"wp","href":"https:\/\/api.w.org\/{rel}","templated":true}]}}